{"id":23,"date":"2024-01-10T18:45:41","date_gmt":"2024-01-10T18:45:41","guid":{"rendered":"http:\/\/autotec.pt.c50.previewmysite.eu\/demo\/?page_id=23"},"modified":"2024-01-21T08:56:56","modified_gmt":"2024-01-21T08:56:56","slug":"contactos","status":"publish","type":"page","link":"https:\/\/autotec.pt\/demo\/?page_id=23","title":{"rendered":"Contactos"},"content":{"rendered":"<p>[vc_row full_width=&#8221;stretch_row_content_no_spaces&#8221;][vc_column][vc_single_image image=&#8221;242&#8243; img_size=&#8221;full&#8221; alignment=&#8221;center&#8221;][\/vc_column][\/vc_row][vc_row full_width=&#8221;stretch_row&#8221;][vc_column][vc_empty_space height=&#8221;32&#8243;][vc_column_text]<\/p>\n<h4 style=\"text-align: center;\"><span style=\"color: #4a5da2;\"><strong>AUTOTEC Alfragide<\/strong><\/span><\/h4>\n<p>[\/vc_column_text][\/vc_column][\/vc_row][vc_row full_width=&#8221;stretch_row&#8221;][vc_column width=&#8221;1\/4&#8243;][vc_icon icon_fontawesome=&#8221;fa fa-map-marker&#8221; background_style=&#8221;rounded&#8221; align=&#8221;center&#8221; css_animation=&#8221;none&#8221;][vc_column_text]<\/p>\n<p style=\"text-align: center;\">Av. Leite de Vasconcelos Nr 3 e 5<br \/>\n2610-100 Amadora<\/p>\n<p>[\/vc_column_text][vc_empty_space height=&#8221;10&#8243;][vc_icon icon_fontawesome=&#8221;fa fa-phone-square&#8221; background_style=&#8221;rounded&#8221; align=&#8221;center&#8221; css_animation=&#8221;none&#8221;][vc_column_text]<\/p>\n<p style=\"text-align: center;\">21 472 73 00<\/p>\n<p style=\"text-align: center;\">(Chamada rede fixa nacional)<\/p>\n<p>[\/vc_column_text][vc_empty_space height=&#8221;10&#8243;][vc_icon icon_fontawesome=&#8221;fa fa-envelope-o&#8221; background_style=&#8221;rounded&#8221; align=&#8221;center&#8221; css_animation=&#8221;none&#8221; link=&#8221;url:mailto%3Ageral%40utec.pt|title:E-Mail|target:%20_blank|&#8221;][vc_column_text]<\/p>\n<p style=\"text-align: center;\"><a href=\"mailto:geral@autotec.pt\">E-Mail<\/a><\/p>\n<p>[\/vc_column_text][\/vc_column][vc_column width=&#8221;1\/2&#8243;][vc_empty_space height=&#8221;50&#8243;][vc_column_text]<\/p>\n<p style=\"text-align: center;\"><iframe loading=\"lazy\" style=\"border: 0;\" src=\"https:\/\/www.google.com\/maps\/embed?pb=!1m18!1m12!1m3!1d3112.1468799649665!2d-9.219088323032162!3d38.73739157175872!2m3!1f0!2f0!3f0!3m2!1i1024!2i768!4f13.1!3m3!1m2!1s0xd1eccef4ad102b7%3A0xed94bc18d3c82f75!2sAutotec%20%E2%80%93%20T%C3%A9cnicas%20de%20Equipamentos%20Auto%2C%20Lda.!5e0!3m2!1spt-PT!2ses!4v1704921462533!5m2!1spt-PT!2ses\" width=\"500\" height=\"400\" allowfullscreen=\"allowfullscreen\"><span data-mce-type=\"bookmark\" style=\"display: inline-block; width: 0px; overflow: hidden; line-height: 0;\" class=\"mce_SELRES_start\">\ufeff<\/span><\/iframe><\/p>\n<p>[\/vc_column_text][\/vc_column][vc_column width=&#8221;1\/4&#8243;][vc_empty_space height=&#8221;20&#8243;][vc_icon icon_fontawesome=&#8221;fa fa-calendar&#8221; background_style=&#8221;rounded&#8221; align=&#8221;center&#8221;][vc_column_text]<\/p>\n<p style=\"text-align: center;\"><strong>Segunda-feira:<\/strong><br \/>\n9:00h \u00e0s 12:30h e das 14:00h \u00e0s 18:00h<br \/>\n<strong>Ter\u00e7a-feira:<\/strong><br \/>\n9:00h \u00e0s 12:30h e das 14:00h \u00e0s 18:00h<br \/>\n<strong>Quarta-feira:<\/strong><br \/>\n9:00h \u00e0s 12:30h e das 14:00h \u00e0s 18:00h<br \/>\n<strong>Quinta-feira:<\/strong><br \/>\n9:00h \u00e0s 12:30h e das 14:00h \u00e0s 18:00h<br \/>\n<strong>Sexta-feira:<\/strong><br \/>\n9:00h \u00e0s 13:00h e das 14:00h \u00e0s 17:30h<br \/>\n<strong>S\u00e1bado:<\/strong><br \/>\nEncerrado<br \/>\n<strong>Domingo:<\/strong><br \/>\nEncerrado<\/p>\n<p>[\/vc_column_text][\/vc_column][\/vc_row][vc_row full_width=&#8221;stretch_row&#8221;][vc_column][vc_empty_space height=&#8221;32&#8243;][vc_column_text]<\/p>\n<h4 style=\"text-align: center;\"><span style=\"color: #4a5da2;\"><strong>AUTOTEC Maia<\/strong><\/span><\/h4>\n<p>[\/vc_column_text][\/vc_column][\/vc_row][vc_row full_width=&#8221;stretch_row&#8221;][vc_column width=&#8221;1\/4&#8243;][vc_empty_space height=&#8221;10&#8243;][vc_icon icon_fontawesome=&#8221;fa fa-map-marker&#8221; background_style=&#8221;rounded&#8221; align=&#8221;center&#8221; css_animation=&#8221;none&#8221;][vc_column_text]<\/p>\n<p style=\"text-align: center;\">Travessa da Alegria, N\u00ba 126<br \/>\n4475-310 Maia<\/p>\n<p>[\/vc_column_text][vc_empty_space height=&#8221;10&#8243;][vc_icon icon_fontawesome=&#8221;fa fa-phone-square&#8221; background_style=&#8221;rounded&#8221; align=&#8221;center&#8221; css_animation=&#8221;none&#8221;][vc_column_text]<\/p>\n<p style=\"text-align: center;\">+351 22 551 01 40<\/p>\n<p style=\"text-align: center;\">(Chamada rede fixa nacional)<\/p>\n<p>[\/vc_column_text][vc_empty_space height=&#8221;10&#8243;][vc_icon icon_fontawesome=&#8221;fa fa-envelope-o&#8221; background_style=&#8221;rounded&#8221; align=&#8221;center&#8221; css_animation=&#8221;none&#8221; link=&#8221;url:mailto%3Autecporto%40utec.pt|title:E-Mail|target:%20_blank|&#8221;][vc_column_text]<\/p>\n<p style=\"text-align: center;\"><a href=\"mailto:autotecporto@autotec.pt\">E-Mail<\/a><\/p>\n<p>[\/vc_column_text][vc_empty_space height=&#8221;32&#8243;][\/vc_column][vc_column width=&#8221;1\/2&#8243;][vc_empty_space height=&#8221;50&#8243;][vc_column_text]<\/p>\n<p style=\"text-align: center;\"><iframe loading=\"lazy\" style=\"border: 0;\" src=\"https:\/\/www.google.com\/maps\/embed?pb=!1m18!1m12!1m3!1d3001.64231575364!2d-8.60157472294757!3d41.20777107132331!2m3!1f0!2f0!3f0!3m2!1i1024!2i768!4f13.1!3m3!1m2!1s0xd24678e59ebf265%3A0x47e3eab43cdb85e1!2sAutotec%20porto!5e0!3m2!1spt-PT!2ses!4v1704921588853!5m2!1spt-PT!2ses\" width=\"500\" height=\"400\" allowfullscreen=\"allowfullscreen\"><span data-mce-type=\"bookmark\" style=\"display: inline-block; width: 0px; overflow: hidden; line-height: 0;\" class=\"mce_SELRES_start\">\ufeff<\/span><\/iframe><\/p>\n<p>[\/vc_column_text][\/vc_column][vc_column width=&#8221;1\/4&#8243;][vc_empty_space height=&#8221;20&#8243;][vc_icon icon_fontawesome=&#8221;fa fa-calendar&#8221; background_style=&#8221;rounded&#8221; align=&#8221;center&#8221;][vc_column_text]<\/p>\n<p style=\"text-align: center;\"><strong>Segunda-feira:<\/strong><br \/>\n9:00h \u00e0s 12:30h e das 14:00h \u00e0s 18:00h<br \/>\n<strong>Ter\u00e7a-feira:<\/strong><br \/>\n9:00h \u00e0s 12:30h e das 14:00h \u00e0s 18:00h<br \/>\n<strong>Quarta-feira:<\/strong><br \/>\n9:00h \u00e0s 12:30h e das 14:00h \u00e0s 18:00h<br \/>\n<strong>Quinta-feira:<\/strong><br \/>\n9:00h \u00e0s 12:30h e das 14:00h \u00e0s 18:00h<br \/>\n<strong>Sexta-feira:<\/strong><br \/>\n9:00h \u00e0s 13:00h e das 14:00h \u00e0s 17:30h<br \/>\n<strong>S\u00e1bado:<\/strong><br \/>\nEncerrado<br \/>\n<strong>Domingo:<\/strong><br \/>\nEncerrado<\/p>\n<p>[\/vc_column_text][vc_empty_space height=&#8221;32&#8243;][\/vc_column][\/vc_row][vc_row][vc_column][vc_column_text]<\/p>\n<h4 style=\"text-align: center;\"><span style=\"color: #4a5da2;\"><strong>Contacte-nos<\/strong><\/span><\/h4>\n<p>[\/vc_column_text][vc_empty_space height=&#8221;12&#8243;][vc_column_text]<\/p>\n<p style=\"text-align: left;\">Para entrar em contacto com a AUTOTEC, utilize por favor um dos seguintes meios que fornecemos nesta p\u00e1gina.<\/p>\n<p>[\/vc_column_text][vc_column_text]<\/p>\n<p style=\"text-align: left;\">Estamos sempre dispon\u00edveis para o esclarecimento de qualquer d\u00favida ou no caso de necessitar de se deslocar \u00e0 nossa empresa, visite a p\u00e1gina da Localiza\u00e7\u00e3o ou click na imagem Goole Maps para visualizar no mapa onde estamos instalados.<\/p>\n<p>[\/vc_column_text][vc_empty_space height=&#8221;42&#8243;][\/vc_column][\/vc_row][vc_row][vc_column width=&#8221;1\/4&#8243;][vc_single_image image=&#8221;169&#8243; img_size=&#8221;full&#8221; alignment=&#8221;center&#8221;][vc_single_image image=&#8221;177&#8243; img_size=&#8221;full&#8221; alignment=&#8221;center&#8221;][vc_single_image image=&#8221;167&#8243; img_size=&#8221;full&#8221; alignment=&#8221;center&#8221;][\/vc_column][vc_column width=&#8221;1\/2&#8243;][vc_empty_space height=&#8221;26&#8243;]\n<div class=\"wpcf7 no-js\" id=\"wpcf7-f11-o1\" lang=\"pt-PT\" dir=\"ltr\" data-wpcf7-id=\"11\">\n<div class=\"screen-reader-response\"><p role=\"status\" aria-live=\"polite\" aria-atomic=\"true\"><\/p> <ul><\/ul><\/div>\n<form action=\"\/demo\/index.php?rest_route=%2Fwp%2Fv2%2Fpages%2F23#wpcf7-f11-o1\" method=\"post\" class=\"wpcf7-form init\" aria-label=\"Formul\u00e1rio de contacto\" novalidate=\"novalidate\" data-status=\"init\">\n<div style=\"display: none;\">\n<input type=\"hidden\" name=\"_wpcf7\" value=\"11\" \/>\n<input type=\"hidden\" name=\"_wpcf7_version\" value=\"6.0.4\" \/>\n<input type=\"hidden\" name=\"_wpcf7_locale\" value=\"pt_PT\" \/>\n<input type=\"hidden\" name=\"_wpcf7_unit_tag\" value=\"wpcf7-f11-o1\" \/>\n<input type=\"hidden\" name=\"_wpcf7_container_post\" value=\"0\" \/>\n<input type=\"hidden\" name=\"_wpcf7_posted_data_hash\" value=\"\" \/>\n<\/div>\n<p><label> Nome (*Obrigat\u00f3rio)<br \/>\n<span class=\"wpcf7-form-control-wrap\" data-name=\"your-name\"><input size=\"40\" maxlength=\"400\" class=\"wpcf7-form-control wpcf7-text wpcf7-validates-as-required\" autocomplete=\"name\" aria-required=\"true\" aria-invalid=\"false\" value=\"\" type=\"text\" name=\"your-name\" \/><\/span> <\/label>\n<\/p>\n<p><label> E-Mail (*Obrigat\u00f3rio)<br \/>\n<span class=\"wpcf7-form-control-wrap\" data-name=\"your-email\"><input size=\"40\" maxlength=\"400\" class=\"wpcf7-form-control wpcf7-email wpcf7-validates-as-required wpcf7-text wpcf7-validates-as-email\" autocomplete=\"email\" aria-required=\"true\" aria-invalid=\"false\" value=\"\" type=\"email\" name=\"your-email\" \/><\/span> <\/label>\n<\/p>\n<p><label> Assunto (*Obrigat\u00f3rio)<br \/>\n<span class=\"wpcf7-form-control-wrap\" data-name=\"your-subject\"><input size=\"40\" maxlength=\"400\" class=\"wpcf7-form-control wpcf7-text wpcf7-validates-as-required\" aria-required=\"true\" aria-invalid=\"false\" value=\"\" type=\"text\" name=\"your-subject\" \/><\/span> <\/label>\n<\/p>\n<p><label> A sua mensagem (Opcional)<br \/>\n<span class=\"wpcf7-form-control-wrap\" data-name=\"your-message\"><textarea cols=\"40\" rows=\"10\" maxlength=\"2000\" class=\"wpcf7-form-control wpcf7-textarea\" aria-invalid=\"false\" name=\"your-message\"><\/textarea><\/span> <\/label>\n<\/p>\n<p><input class=\"wpcf7-form-control wpcf7-submit has-spinner\" type=\"submit\" value=\"Enviar\" \/>\n<\/p><p style=\"display: none !important;\" class=\"akismet-fields-container\" data-prefix=\"_wpcf7_ak_\"><label>&#916;<textarea name=\"_wpcf7_ak_hp_textarea\" cols=\"45\" rows=\"8\" maxlength=\"100\"><\/textarea><\/label><input type=\"hidden\" id=\"ak_js_1\" name=\"_wpcf7_ak_js\" value=\"51\"\/><script>document.getElementById( \"ak_js_1\" ).setAttribute( \"value\", ( new Date() ).getTime() );<\/script><\/p><div class=\"wpcf7-response-output\" aria-hidden=\"true\"><\/div>\n<\/form>\n<\/div>\n[\/vc_column][vc_column width=&#8221;1\/4&#8243;][vc_single_image image=&#8221;115&#8243; img_size=&#8221;full&#8221; alignment=&#8221;center&#8221;][vc_single_image image=&#8221;113&#8243; img_size=&#8221;full&#8221; alignment=&#8221;center&#8221;][vc_single_image image=&#8221;117&#8243; img_size=&#8221;full&#8221; alignment=&#8221;center&#8221;][\/vc_column][\/vc_row][vc_row full_width=&#8221;stretch_row&#8221;][vc_column][vc_empty_space height=&#8221;42&#8243;][\/vc_column][\/vc_row]<\/p>\n","protected":false},"excerpt":{"rendered":"<p>[vc_row full_width=&#8221;stretch_row_content_no_spaces&#8221;][vc_column][vc_single_image image=&#8221;242&#8243; img_size=&#8221;full&#8221; alignment=&#8221;center&#8221;][\/vc_column][\/vc_row][vc_row full_width=&#8221;stretch_row&#8221;][vc_column][vc_empty_space height=&#8221;32&#8243;][vc_column_text] AUTOTEC Alfragide [\/vc_column_text][\/vc_column][\/vc_row][vc_row full_width=&#8221;stretch_row&#8221;][vc_column width=&#8221;1\/4&#8243;][vc_icon icon_fontawesome=&#8221;fa fa-map-marker&#8221; background_style=&#8221;rounded&#8221; align=&#8221;center&#8221; css_animation=&#8221;none&#8221;][vc_column_text] Av. Leite de Vasconcelos Nr 3 e 5 2610-100 Amadora [\/vc_column_text][vc_empty_space height=&#8221;10&#8243;][vc_icon icon_fontawesome=&#8221;fa fa-phone-square&#8221; background_style=&#8221;rounded&#8221; align=&#8221;center&#8221; css_animation=&#8221;none&#8221;][vc_column_text] 21 472 73 00 (Chamada rede fixa nacional) [\/vc_column_text][vc_empty_space height=&#8221;10&#8243;][vc_icon icon_fontawesome=&#8221;fa fa-envelope-o&#8221; background_style=&#8221;rounded&#8221; align=&#8221;center&#8221; css_animation=&#8221;none&#8221; link=&#8221;url:mailto%3Ageral%40utec.pt|title:E-Mail|target:%20_blank|&#8221;][vc_column_text] E-Mail [\/vc_column_text][\/vc_column][vc_column width=&#8221;1\/2&#8243;][vc_empty_space height=&#8221;50&#8243;][vc_column_text] \ufeff [&hellip;]<\/p>\n","protected":false},"author":2,"featured_media":0,"parent":0,"menu_order":0,"comment_status":"closed","ping_status":"closed","template":"","meta":{"footnotes":""},"class_list":["post-23","page","type-page","status-publish","hentry"],"yoast_head":"<!-- This site is optimized with the Yoast SEO plugin v24.6 - https:\/\/yoast.com\/wordpress\/plugins\/seo\/ -->\n<title>Contactos - AUTOTEC, Lda<\/title>\n<meta name=\"description\" content=\"A Autotec \u00e9 uma empresa fundada em 1987 vocacionada para a comercializa\u00e7\u00e3o e assist\u00eancia t\u00e9cnica a equipamentos para oficinas.\" \/>\n<meta name=\"robots\" content=\"index, follow, max-snippet:-1, max-image-preview:large, max-video-preview:-1\" \/>\n<link rel=\"canonical\" href=\"https:\/\/autotec.pt\/demo\/?page_id=23\" \/>\n<meta property=\"og:locale\" content=\"pt_PT\" \/>\n<meta property=\"og:type\" content=\"article\" \/>\n<meta property=\"og:title\" content=\"Contactos - AUTOTEC, Lda\" \/>\n<meta property=\"og:description\" content=\"A Autotec \u00e9 uma empresa fundada em 1987 vocacionada para a comercializa\u00e7\u00e3o e assist\u00eancia t\u00e9cnica a equipamentos para oficinas.\" \/>\n<meta property=\"og:url\" content=\"https:\/\/autotec.pt\/demo\/?page_id=23\" \/>\n<meta property=\"og:site_name\" content=\"AUTOTEC, Lda\" \/>\n<meta property=\"article:modified_time\" content=\"2024-01-21T08:56:56+00:00\" \/>\n<meta name=\"twitter:card\" content=\"summary_large_image\" \/>\n<meta name=\"twitter:label1\" content=\"Tempo estimado de leitura\" \/>\n\t<meta name=\"twitter:data1\" content=\"4 minutos\" \/>\n<script type=\"application\/ld+json\" class=\"yoast-schema-graph\">{\"@context\":\"https:\/\/schema.org\",\"@graph\":[{\"@type\":\"WebPage\",\"@id\":\"https:\/\/autotec.pt\/demo\/?page_id=23\",\"url\":\"https:\/\/autotec.pt\/demo\/?page_id=23\",\"name\":\"Contactos - AUTOTEC, Lda\",\"isPartOf\":{\"@id\":\"https:\/\/autotec.pt\/demo\/#website\"},\"datePublished\":\"2024-01-10T18:45:41+00:00\",\"dateModified\":\"2024-01-21T08:56:56+00:00\",\"description\":\"A Autotec \u00e9 uma empresa fundada em 1987 vocacionada para a comercializa\u00e7\u00e3o e assist\u00eancia t\u00e9cnica a equipamentos para oficinas.\",\"breadcrumb\":{\"@id\":\"https:\/\/autotec.pt\/demo\/?page_id=23#breadcrumb\"},\"inLanguage\":\"pt-PT\",\"potentialAction\":[{\"@type\":\"ReadAction\",\"target\":[\"https:\/\/autotec.pt\/demo\/?page_id=23\"]}]},{\"@type\":\"BreadcrumbList\",\"@id\":\"https:\/\/autotec.pt\/demo\/?page_id=23#breadcrumb\",\"itemListElement\":[{\"@type\":\"ListItem\",\"position\":1,\"name\":\"In\u00edcio\",\"item\":\"https:\/\/autotec.pt\/demo\/\"},{\"@type\":\"ListItem\",\"position\":2,\"name\":\"Contactos\"}]},{\"@type\":\"WebSite\",\"@id\":\"https:\/\/autotec.pt\/demo\/#website\",\"url\":\"https:\/\/autotec.pt\/demo\/\",\"name\":\"AUTOTEC, Lda\",\"description\":\"T\u00e9cnicas de Equipamento Auto\",\"potentialAction\":[{\"@type\":\"SearchAction\",\"target\":{\"@type\":\"EntryPoint\",\"urlTemplate\":\"https:\/\/autotec.pt\/demo\/?s={search_term_string}\"},\"query-input\":{\"@type\":\"PropertyValueSpecification\",\"valueRequired\":true,\"valueName\":\"search_term_string\"}}],\"inLanguage\":\"pt-PT\"}]}<\/script>\n<!-- \/ Yoast SEO plugin. -->","yoast_head_json":{"title":"Contactos - AUTOTEC, Lda","description":"A Autotec \u00e9 uma empresa fundada em 1987 vocacionada para a comercializa\u00e7\u00e3o e assist\u00eancia t\u00e9cnica a equipamentos para oficinas.","robots":{"index":"index","follow":"follow","max-snippet":"max-snippet:-1","max-image-preview":"max-image-preview:large","max-video-preview":"max-video-preview:-1"},"canonical":"https:\/\/autotec.pt\/demo\/?page_id=23","og_locale":"pt_PT","og_type":"article","og_title":"Contactos - AUTOTEC, Lda","og_description":"A Autotec \u00e9 uma empresa fundada em 1987 vocacionada para a comercializa\u00e7\u00e3o e assist\u00eancia t\u00e9cnica a equipamentos para oficinas.","og_url":"https:\/\/autotec.pt\/demo\/?page_id=23","og_site_name":"AUTOTEC, Lda","article_modified_time":"2024-01-21T08:56:56+00:00","twitter_card":"summary_large_image","twitter_misc":{"Tempo estimado de leitura":"4 minutos"},"schema":{"@context":"https:\/\/schema.org","@graph":[{"@type":"WebPage","@id":"https:\/\/autotec.pt\/demo\/?page_id=23","url":"https:\/\/autotec.pt\/demo\/?page_id=23","name":"Contactos - AUTOTEC, Lda","isPartOf":{"@id":"https:\/\/autotec.pt\/demo\/#website"},"datePublished":"2024-01-10T18:45:41+00:00","dateModified":"2024-01-21T08:56:56+00:00","description":"A Autotec \u00e9 uma empresa fundada em 1987 vocacionada para a comercializa\u00e7\u00e3o e assist\u00eancia t\u00e9cnica a equipamentos para oficinas.","breadcrumb":{"@id":"https:\/\/autotec.pt\/demo\/?page_id=23#breadcrumb"},"inLanguage":"pt-PT","potentialAction":[{"@type":"ReadAction","target":["https:\/\/autotec.pt\/demo\/?page_id=23"]}]},{"@type":"BreadcrumbList","@id":"https:\/\/autotec.pt\/demo\/?page_id=23#breadcrumb","itemListElement":[{"@type":"ListItem","position":1,"name":"In\u00edcio","item":"https:\/\/autotec.pt\/demo\/"},{"@type":"ListItem","position":2,"name":"Contactos"}]},{"@type":"WebSite","@id":"https:\/\/autotec.pt\/demo\/#website","url":"https:\/\/autotec.pt\/demo\/","name":"AUTOTEC, Lda","description":"T\u00e9cnicas de Equipamento Auto","potentialAction":[{"@type":"SearchAction","target":{"@type":"EntryPoint","urlTemplate":"https:\/\/autotec.pt\/demo\/?s={search_term_string}"},"query-input":{"@type":"PropertyValueSpecification","valueRequired":true,"valueName":"search_term_string"}}],"inLanguage":"pt-PT"}]}},"_links":{"self":[{"href":"https:\/\/autotec.pt\/demo\/index.php?rest_route=\/wp\/v2\/pages\/23","targetHints":{"allow":["GET"]}}],"collection":[{"href":"https:\/\/autotec.pt\/demo\/index.php?rest_route=\/wp\/v2\/pages"}],"about":[{"href":"https:\/\/autotec.pt\/demo\/index.php?rest_route=\/wp\/v2\/types\/page"}],"author":[{"embeddable":true,"href":"https:\/\/autotec.pt\/demo\/index.php?rest_route=\/wp\/v2\/users\/2"}],"replies":[{"embeddable":true,"href":"https:\/\/autotec.pt\/demo\/index.php?rest_route=%2Fwp%2Fv2%2Fcomments&post=23"}],"version-history":[{"count":47,"href":"https:\/\/autotec.pt\/demo\/index.php?rest_route=\/wp\/v2\/pages\/23\/revisions"}],"predecessor-version":[{"id":359,"href":"https:\/\/autotec.pt\/demo\/index.php?rest_route=\/wp\/v2\/pages\/23\/revisions\/359"}],"wp:attachment":[{"href":"https:\/\/autotec.pt\/demo\/index.php?rest_route=%2Fwp%2Fv2%2Fmedia&parent=23"}],"curies":[{"name":"wp","href":"https:\/\/api.w.org\/{rel}","templated":true}]}}